{"id":186,"date":"2023-08-16T17:13:31","date_gmt":"2023-08-16T17:13:31","guid":{"rendered":"http:\/\/evamaria-psychotherapie.at\/?page_id=186"},"modified":"2025-07-17T13:24:23","modified_gmt":"2025-07-17T13:24:23","slug":"herzlich-willkommen","status":"publish","type":"page","link":"https:\/\/evamaria-psychotherapie.at\/","title":{"rendered":"Herzlich Willkommen"},"content":{"rendered":"\n<div class=\"wp-block-media-text alignwide has-media-on-the-right is-stacked-on-mobile has-background\" style=\"background-color:#ffffffed;padding-top:var(--wp--preset--spacing--40);padding-right:var(--wp--preset--spacing--40);padding-bottom:var(--wp--preset--spacing--40);padding-left:var(--wp--preset--spacing--40);grid-template-columns:auto 28%\"><div class=\"wp-block-media-text__content\">\n<h2 class=\"wp-block-heading has-text-align-center has-text-color\" style=\"color:#454734\">Herzlich Willkommen!<\/h2>\n\n\n\n<p class=\"has-black-color has-text-color\">Mein Name ist Eva Maria Winterleitner und ich bin systemische Familientherapeutin.<\/p>\n\n\n\n<p class=\"has-black-color has-text-color\">Ich freue mich Ihnen auf meiner Homepage einen ersten Eindruck von mir und meinem Angebot zeigen zu k\u00f6nnen.&nbsp;<\/p>\n\n\n\n<p class=\"has-text-align-center has-black-color has-text-color\"><a href=\"#Kontakt-aufnehmen\" data-type=\"internal\" data-id=\"#Kontakt-aufnehmen\">Melden Sie sich gerne bei Fragen und f\u00fcr die Terminvereinbarung.<\/a><\/p>\n<\/div><figure class=\"wp-block-media-text__media\"><img loading=\"lazy\" decoding=\"async\" width=\"410\" height=\"618\" src=\"https:\/\/evamaria-psychotherapie.at\/wp-content\/uploads\/2023\/08\/DSC05747.jpg\" alt=\"\" class=\"wp-image-403 size-full\" srcset=\"https:\/\/evamaria-psychotherapie.at\/wp-content\/uploads\/2023\/08\/DSC05747.jpg 410w, https:\/\/evamaria-psychotherapie.at\/wp-content\/uploads\/2023\/08\/DSC05747-199x300.jpg 199w\" sizes=\"auto, (max-width: 410px) 100vw, 410px\" \/><\/figure><\/div>\n\n\n\n<div class=\"wp-block-columns alignfull has-background is-layout-flex wp-container-core-columns-is-layout-73edab2d wp-block-columns-is-layout-flex\" style=\"background-color:#bac29de0;padding-top:var(--wp--preset--spacing--30);padding-right:var(--wp--preset--spacing--30);padding-bottom:var(--wp--preset--spacing--30);padding-left:var(--wp--preset--spacing--30)\">\n<div class=\"wp-block-column is-vertically-aligned-center is-layout-flow wp-block-column-is-layout-flow\" style=\"padding-top:var(--wp--preset--spacing--60);padding-right:var(--wp--preset--spacing--80);padding-bottom:var(--wp--preset--spacing--60);padding-left:var(--wp--preset--spacing--80)\">\n<h2 class=\"wp-block-heading alignwide has-text-align-center has-text-color has-large-font-size\" style=\"color:#454734;padding-top:0;padding-bottom:0\">\u201eIch wei\u00df nicht, ob es besser wird, wenn es anders wird.<br>Aber es muss anders werden, wenn es besser werden soll.\u201c<\/h2>\n\n\n\n<p class=\"has-text-align-center has-text-color has-extra-small-font-size\" style=\"color:#454734\">~ Georg Christoph Lichtenberg<\/p>\n<\/div>\n<\/div>\n\n\n\n<div class=\"wp-block-columns alignwide is-layout-flex wp-container-core-columns-is-layout-9d6595d7 wp-block-columns-is-layout-flex\">\n<div class=\"wp-block-column is-layout-flow wp-block-column-is-layout-flow\">\n<div class=\"wp-block-columns has-background is-layout-flex wp-container-core-columns-is-layout-9d6595d7 wp-block-columns-is-layout-flex\" style=\"background-color:#ffffffed\">\n<div class=\"wp-block-column is-layout-flow wp-block-column-is-layout-flow\">\n<h2 class=\"wp-block-heading has-text-color\" id=\"Einzeltherapie\" style=\"color:#454734\">Einzel\u00adtherapie<\/h2>\n\n\n\n<p class=\"has-black-color has-text-color\">Die Einzeltherapie findet aktuell die meiste Anwendung in der Psychotherapie. Dies ist unter anderem der Fall, weil es jedem Klienten und jeder Klientin den uneingeschr\u00e4nkten Raum bietet, alles von sich zu zeigen, was auch von mir gesehen werden darf.<\/p>\n\n\n\n<p class=\"has-black-color has-text-color\">Dieses Setting ist ein beliebter Einstieg in den Prozess der Ver\u00e4nderung, da er nicht von anderen Teilnehmenden beeinflusst wird, sondern sich einzig auf den Mut, die Bereitschaft und den Entschluss von Ihnen st\u00fctzt.<\/p>\n\n\n\n<p class=\"has-black-color has-text-color\">Ich empfinde es auch als wichtigen Hinweis, dass in jeder Therapiestunde lediglich die Themen angesprochen werden, die Sie auch thematisieren m\u00f6chten! Der therapeutische Prozess erlaubt es, von Ihnen gestaltet und von mir begleitet zu werden. Sie haben zu jederzeit die M\u00f6glichkeit Fragen meinerseits, Themenvorschl\u00e4ge, oder Hilfsangebote abzulehnen, ohne, dass Sie negative Konsequenzen bef\u00fcrchten m\u00fcssten. Scheuen Sie sich bitte auch nicht, mir Feedback jeder Art von ihren Eindr\u00fccken zu \u00fcbermitteln, da dies f\u00fcr mich wichtige Informationen sind, den Prozess f\u00fcr Sie bestm\u00f6glich bereichern zu k\u00f6nnen.<\/p>\n\n\n\n<p class=\"has-black-color has-text-color\">Sollten Sie sich dazu entschlie\u00dfen, ein Erstgespr\u00e4ch mit mir zu vereinbaren, w\u00fcrde ich mich freuen, Sie und ihre Anliegen kennenzulernen und auf Wunsch unmittelbar mit dem Ver\u00e4nderungsprozess zu beginnen.<\/p>\n<\/div>\n<\/div>\n<\/div>\n<\/div>\n\n\n\n<div class=\"wp-block-columns alignwide has-background is-layout-flex wp-container-core-columns-is-layout-9d6595d7 wp-block-columns-is-layout-flex\" style=\"background-color:#ffffffed\">\n<div class=\"wp-block-column is-layout-flow wp-block-column-is-layout-flow\">\n<h2 class=\"wp-block-heading has-text-color\" style=\"color:#454734\">Paar\u00adther\u200ba\u200bpie<\/h2>\n\n\n\n<p class=\"has-black-color has-text-color\">In vielen Partnerschaften schleichen sich im Laufe der Zeit ein paar Angewohnheiten ein, die den gemeinsamen Alltag zunehmend belasten k\u00f6nnen. Unabh\u00e4ngig davon wie lange sie ihr Leben mit Ihrem\/Ihrer Partner*in bereits teilen, kann die M\u00f6glichkeit von Paartherapiesitzungen wieder zu mehr Wohlbefinden und Harmonie in der Beziehung beitragen.<\/p>\n\n\n\n<p class=\"has-black-color has-text-color\">Auch wenn bereits Kinder das Familiengl\u00fcck erg\u00e4nzen, so kann auch dies eine Herausforderung sein, die Sie als Paar auf die Probe stellt. Sollte es sich um Themenbereiche handeln, die Sie gr\u00f6\u00dftenteils auf Eltern- und Erziehungsebene betreffen, kann Paartherapie, auch im Rahmen einer Elternberatung stattfinden. Die Fachrichtung der Systemischen Familientherapie bietet viele hilfreiche Ans\u00e4tze f\u00fcr famili\u00e4re Strukturen jeder Art und dient vor allem dem besseren Verst\u00e4ndnis ihres Alltags und damit verbunden Unstimmigkeiten, die sich anhaltend ver\u00e4ndern d\u00fcrfen.<\/p>\n\n\n\n<p class=\"has-black-color has-text-color\">Sollten Sie sich gemeinsam dazu entschlie\u00dfen, ein Erstgespr\u00e4ch mit mir zu vereinbaren, w\u00fcrde ich mich freuen Sie und ihre Anliegen kennenzulernen und auf Wunsch unmittelbar mit dem Ver\u00e4nderungsprozess zu beginnen.&nbsp;<\/p>\n<\/div>\n<\/div>\n\n\n\n<div class=\"wp-block-columns alignwide has-background is-layout-flex wp-container-core-columns-is-layout-9d6595d7 wp-block-columns-is-layout-flex\" style=\"background-color:#ffffffed\">\n<div class=\"wp-block-column is-layout-flow wp-block-column-is-layout-flow\">\n<h2 class=\"wp-block-heading has-text-color\" id=\"Zielgruppen-und-Schwerpunkte\" style=\"color:#454734\">Familien\u00adtherapie<\/h2>\n\n\n\n<p class=\"has-black-color has-text-color\">\u200bIn meiner Praxis sind alle Mitglieder einer Familie willkommen. In welcher Konstellation sie erscheinen, liegt an der freiwilligen Bereitschaft jedes einzelnen Familienmitgliedes. Ich lege Wert darauf, dass jede teilnehmende Person seine Anliegen, Gedanken, Sorgen und W\u00fcnsche kommunizieren kann, sodass es gelingt, dass jede Person individuell gesehen und geh\u00f6rt werden kann.<\/p>\n\n\n\n<p class=\"has-black-color has-text-color\">Der Unterschied von \u00fcblichen Alltagsgespr\u00e4chen im Familienverband zuhause zu jenen in meiner Praxis ist, dass diese in einem neuen Umfeld, mit anderen Gespr\u00e4chsleitlinien und anderen Blickwinkeln gestaltet werden k\u00f6nnen. Dadurch wird es vielen Familien m\u00f6glich, eine unmittelbare Ver\u00e4nderung ihrer Problemstellung zu erfahren und langfristig gew\u00fcnschte Ziele gemeinsam umzusetzen.<\/p>\n\n\n\n<p class=\"has-black-color has-text-color\">Sollten Sie sich dazu entschlie\u00dfen, ein Erstgespr\u00e4ch mit mir zu vereinbaren, w\u00fcrde ich mich freuen, Sie und ihre Anliegen kennenzulernen und auf Wunsch unmittelbar mit dem Ver\u00e4nderungsprozess zu beginnen.<\/p>\n<\/div>\n<\/div>\n\n\n\n<div class=\"wp-block-columns alignwide has-black-color has-text-color has-background is-layout-flex wp-container-core-columns-is-layout-9d6595d7 wp-block-columns-is-layout-flex\" style=\"background-color:#ffffffed\">\n<div class=\"wp-block-column is-layout-flow wp-block-column-is-layout-flow\">\n<h2 class=\"wp-block-heading has-text-color\" id=\"Zielgruppen-und-Schwerpunkte\" style=\"color:#454734\">Zielgruppen und Schw\u200ber\u00adpunkte<\/h2>\n\n\n\n<p class=\"has-black-color has-text-color\">In meiner Praxis begr\u00fc\u00dfe ich alle Mitglieder einer Familie in den unterschiedlichsten Settings und mit allen mitgebrachten Anliegen.<\/p>\n\n\n\n<ul class=\"wp-block-list\">\n<li>Eltern-Kind-Beziehungen, Mutterschaft\/Vaterschaft (Kinderwunsch, Erziehungsschwierigkeiten, etc.)<\/li>\n\n\n\n<li>Paarbeziehungen<\/li>\n\n\n\n<li>Geschwister-, Generationen- und Famili\u00e4re-Konflikte<\/li>\n\n\n\n<li>Freundschaft und soziale Beziehungen<\/li>\n\n\n\n<li>herausfordernde Zeiten (Umbr\u00fcche, Trennungen, Verlust, Schule, etc.)<\/li>\n\n\n\n<li>Wunsch nach beruflicher (Neu-)Orientierung und Ver\u00e4nderung<\/li>\n\n\n\n<li>Stress\/Burnout<\/li>\n\n\n\n<li>Depression<\/li>\n\n\n\n<li>\u00c4ngste<\/li>\n\n\n\n<li>Psychosomatische Beschwerden <\/li>\n\n\n\n<li>Menstruation und Frauengesundheit<\/li>\n<\/ul>\n<\/div>\n<\/div>\n\n\n\n<div class=\"wp-block-columns alignwide has-background is-layout-flex wp-container-core-columns-is-layout-9d6595d7 wp-block-columns-is-layout-flex\" style=\"background-color:#ffffffed\">\n<div class=\"wp-block-column is-layout-flow wp-block-column-is-layout-flow\">\n<h2 class=\"wp-block-heading has-text-color\" id=\"Wissenswertes-vor-der-1.-Stunde\" style=\"color:#454734\">Erste Schritte <\/h2>\n\n\n\n<p class=\"has-black-color has-text-color\">Der Beginn einer Therapie kann f\u00fcr Sie mit einer gewissen Aufregung verbunden sein \u2013 ganz besonders, wenn Sie noch nie in Psychotherapie waren. Aufgrund dessen m\u00f6chte ich Ihnen ein paar Einblicke in den Ablauf gew\u00e4hren, um Ihnen die n\u00f6tige Sicherheit zu bieten, diesen wichtigen ersten Schritt am Weg zu mehr Wohlbefinden zu gehen. Dar\u00fcber hinaus kontaktieren Sie mich gerne bei weiteren Fragen, ich freue mich darauf sie zu beantworten.<\/p>\n\n\n\n<p class=\"has-black-color has-text-color\">Der Termin f\u00fcr unsere erste gemeinsame Therapieeinheit, auch Erstgespr\u00e4ch genannt, dient einem ersten unverbindlichen, gegenseitigem Kennenlernen. Es soll Ihnen einen ersten Einblick in meine Arbeitsweise erm\u00f6glichen und ist ein wichtiger Bestandteil im gemeinsamen Prozess. Wir besprechen Ihr Anliegen, Ihre Erwartungen, sowie M\u00f6glichkeiten und Grenzen der Psychotherapie.&nbsp;Ein weiterer Bestandteil der ersten Einheit ist die Kl\u00e4rung der&nbsp;Rahmenbedingungen&nbsp;wie etwa meine Arbeitsmethode, die Sitzungsfrequenz und auch die Kosten.<br>Wir werden gemeinsam schauen, ob Sie sich bei mir gut aufgehoben f\u00fchlen und wir gut miteinander arbeiten k\u00f6nnen. Sie k\u00f6nnen mir jederzeit noch offene Fragen stellen und haben immer die M\u00f6glichkeit, die Therapie im eigenen Interesse wieder zu beenden.<\/p>\n\n\n\n<p class=\"has-black-color has-text-color\">Bitte beachten Sie, dass unmittelbar vor und seitlich des Rathauses eine <strong><em>Kurzparkzone<\/em> <\/strong>beschildert ist.<br \/>Sie finden mich im ersten Obergeschoss, etwas abgelegen direkt neben dem Seiteneingang, welcher Kinderwagen und Rollstuhlfreundlich\u00a0ist.<\/p>\n\n\n\n<p class=\"has-black-color has-text-color\">Nach dem Erstgespr\u00e4ch k\u00f6nnen Sie sich gerne noch Zeit nehmen, um zu \u00fcberlegen, ob ich Sie auf Ihrem Weg begleiten soll. Ich freue mich in jedem Fall von Ihnen zu h\u00f6ren. &nbsp;<\/p>\n\n\n\n<p class=\"has-black-color has-text-color\">Sollten Sie sich f\u00fcr einen unverbindlichen Termin bei mir entscheiden, biete ich Ihnen gerne zeitnah verschiedene M\u00f6glichkeiten an.<\/p>\n<\/div>\n<\/div>\n\n\n\n<div class=\"wp-block-columns alignwide has-background is-layout-flex wp-container-core-columns-is-layout-9d6595d7 wp-block-columns-is-layout-flex\" style=\"background-color:#ffffffed\">\n<div class=\"wp-block-column is-layout-flow wp-block-column-is-layout-flow\">\n<h2 class=\"wp-block-heading has-text-color\" id=\"Allgemeine-Infos\" style=\"color:#454734\">Allgemeine Infos <\/h2>\n\n\n\n<p class=\"has-black-color has-text-color\"><strong>Verschwiegenheit<\/strong><\/p>\n\n\n\n<p class=\"has-black-color has-text-color\">\u00a7 15 des Psychotherapiegesetzes verpflichtet Psychotherapeut*innen sowie deren Hilfspersonen zur Verschwiegenheit \u00fcber alle ihnen in Aus\u00fcbung ihres Berufes anvertrauten oder bekannt gewordenen Geheimnisse. Die Verschwiegenheitspflicht besteht allgemein, somit grunds\u00e4tzlich gegen\u00fcber jedweder Person oder Einrichtung au\u00dferhalb der Klient*innen, also z.B. gegen\u00fcber Ehepartner*innen, sonstigen Familienangeh\u00f6rigen, staatlichen Dienststellen, anderen Sozialeinrichtungen etc.<\/p>\n\n\n\n<p class=\"has-black-color has-text-color\"><strong>Dauer &amp; Frequenz<\/strong><\/p>\n\n\n\n<p class=\"has-black-color has-text-color\">Die Dauer einer Psychotherapie&nbsp;und die Frequenz der Einheiten sind von Ihren individuellen Bed\u00fcrfnissen abh\u00e4ngig und werden immer in Absprache mit Ihnen vereinbart. Grunds\u00e4tzlich gilt: So kurz wie m\u00f6glich, so lange wie n\u00f6tig.<\/p>\n\n\n\n<p class=\"has-black-color has-text-color\">Manche Themen lassen sich bereits in wenigen Einheiten beilegen, andere k\u00f6nnen sich \u00fcber 24 Monate erstrecken. Gerne k\u00f6nnen wir in einem Erstgespr\u00e4ch einen ungef\u00e4hren Zeitraum abstecken, der sich an ihrem Anliegen und meiner Erfahrung bemisst. Dies erweist sich oft als guter Richtwert, ist aber nicht als endg\u00fcltig zu sehen, da sich in vielen Prozessen \u00dcberraschungen ergeben, die vieles l\u00f6sen k\u00f6nnen, aber auch manches unerwartet verz\u00f6gern lassen.<\/p>\n\n\n\n<p class=\"has-black-color has-text-color\">Die Termine finden \u00fcblicherweise gerade zu Beginn w\u00f6chentlich statt, k\u00f6nnen aber je nach Thematik und Ressourcen auch 14-t\u00e4gig vereinbart werden. Nat\u00fcrlich besteht auch die M\u00f6glichkeit die Termine je nach Therapiephase monatlich oder unregelm\u00e4\u00dfig zu planen. Bitte lassen Sie mich wissen, womit Sie sich am wohlsten f\u00fchlen.<\/p>\n\n\n\n<p class=\"has-black-color has-text-color\"><strong>Termineinhaltung und Absageregelung<\/strong><\/p>\n\n\n\n<p class=\"has-black-color has-text-color\">Ein wichtiger Faktor f\u00fcr Ihre Fortschritte ist mitunter das Einhalten der vereinbarten Termine, da sich der Prozess andernfalls hinausz\u00f6gert und es schwieriger wird eine gute, vertrauensvolle und ver\u00e4nderungsstarke Basis entstehen zu lassen. Im Gegenzug bin ich selbstverst\u00e4ndlich auch bem\u00fcht alle Termine wahrzunehmen und auch Urlaubsphasen rechtzeitig anzuk\u00fcndigen. Sollte ich selbst kurzfristig krankheitsbedingt verhindert sein, bitte ich Sie um Entschuldigung. Ich werde mich bem\u00fchen Ihnen zeitnah einen neuen Termin zu erm\u00f6glichen.<\/p>\n\n\n\n<p class=\"has-black-color has-text-color\">Sollten Sie zu einem vereinbarten Termin nicht erscheinen k\u00f6nnen, bitte ich Sie mich ehestm\u00f6glich zu verst\u00e4ndigen, damit ich den frei gewordenen Termin bestenfalls neu vergeben kann. Bei Absagen die weniger als 24 Stunden im Voraus get\u00e4tigt werden, wird das gesamte Honorar in Rechnung gestellt.<\/p>\n\n\n\n<p class=\"has-black-color has-text-color\">Ich bitte um Ihr Verst\u00e4ndnis und freue mich Ihnen alle noch offenen Fragen telefonisch, oder im Rahmen der Therapiegespr\u00e4che zu beantworten.<\/p>\n\n\n\n<p class=\"has-black-color has-text-color\"><strong>Honorar<\/strong><\/p>\n\n\n\n<ul class=\"wp-block-list has-black-color has-text-color\">\n<li>Einzeltherapie: 100\u20ac<br>(50 Minuten)<\/li>\n\n\n\n<li>Paartherapie: 160\u20ac<br>(90 Minuten)<\/li>\n\n\n\n<li>Familientherapie: 160\u20ac\u00a0<br>(90 Minuten)<\/li>\n<\/ul>\n\n\n\n<p class=\"has-black-color has-text-color\">Die \u00f6sterreichischen Krankenkassen leisten Kostenzusch\u00fcsse f\u00fcr die psychotherapeutische Behandlung. <br>Die H\u00f6he der R\u00fcckerstattung legt der Versicherungstr\u00e4ger selbst fest. <br>\u00d6GK: 33,70\u20ac SVS: 45,00\u20ac BVAEB: 46,60\u20ac (Stand Juli 2025)<\/p>\n\n\n\n<p class=\"has-black-color has-text-color\">Ich unterst\u00fctze Sie gerne bei der Antragsstellung und bei weiteren Fragen im pers\u00f6nlichen Gespr\u00e4ch.<\/p>\n<\/div>\n<\/div>\n\n\n\n<div class=\"wp-block-media-text alignwide has-media-on-the-right is-stacked-on-mobile has-background\" style=\"background-color:#ffffffed;padding-right:var(--wp--preset--spacing--40);padding-left:var(--wp--preset--spacing--40);grid-template-columns:auto 31%\"><div class=\"wp-block-media-text__content\">\n<h2 class=\"wp-block-heading has-text-color\" id=\"\u00dcber-mich\" style=\"color:#454734\">\u00dcber mich&nbsp;<\/h2>\n\n\n\n<p class=\"has-black-color has-text-color\"><strong>Pers\u00f6nliches<\/strong><\/p>\n\n\n\n<ul class=\"wp-block-list has-black-color has-text-color\">\n<li>Wohnsitz in Harmannstein<\/li>\n\n\n\n<li>1998 geboren in Waidhofen\/Thaya<\/li>\n<\/ul>\n\n\n\n<p class=\"has-black-color has-text-color\"><strong>Praktikum<\/strong><\/p>\n\n\n\n<p class=\"has-black-color has-text-color\"><em>Juli 2024<\/em><br \/>Rehaklinik Sonnberg, Salzburg<\/p>\n\n\n\n<p class=\"has-black-color has-text-color\"><em>Mai \u2013 September 2020<\/em><br> Verein Oase, Wien<\/p>\n\n\n\n<p class=\"has-black-color has-text-color\"><strong>Arbeitsverh\u00e4ltnisse<\/strong><\/p>\n\n\n\n<p class=\"has-black-color has-text-color\"><em>Juni 2025 &#8211; dato <\/em><br>Psychotherapeutische Leitung im Gesundheitshotel Moorbad Bad Gro\u00dfpertholz <\/p>\n\n\n\n<p class=\"has-black-color has-text-color\"><em>Juni 2023 \u2013 dato<\/em>                                   <br>                                                           Selbst\u00e4ndige T\u00e4tigkeit in meiner Privatpraxis<\/p>\n\n\n\n<p class=\"has-black-color has-text-color\"><em>Oktober 2022 \u2013 Mai<\/em>&nbsp;<em>2023<\/em>&nbsp;&nbsp;&nbsp;&nbsp;&nbsp;&nbsp;&nbsp;&nbsp;&nbsp;  <br>                                                           Kinderschutzzentrum \u201eKidsnest\u201c Waldviertel<\/p>\n\n\n\n<p class=\"has-black-color has-text-color\"><em>J\u00e4nner 2020 \u2013 Juni 2022<\/em>                      <br>                                                           Babysitterin bei privaten Familien<\/p>\n\n\n\n<p class=\"has-black-color has-text-color\"><em>Juli 2017 \u2013 Juni 2018<\/em>&nbsp;&nbsp;&nbsp;&nbsp;&nbsp;&nbsp;&nbsp;&nbsp;&nbsp;&nbsp;&nbsp;&nbsp;&nbsp;&nbsp;&nbsp;&nbsp;&nbsp;&nbsp; <br>                                                           T\u00e4tigkeit als Behindertenbetreuerin in der Tagesst\u00e4tte Retz<\/p>\n<\/div><figure class=\"wp-block-media-text__media\"><img loading=\"lazy\" decoding=\"async\" width=\"410\" height=\"618\" src=\"https:\/\/evamaria-psychotherapie.at\/wp-content\/uploads\/2023\/08\/DSC05806.jpg\" alt=\"\" class=\"wp-image-405 size-full\" srcset=\"https:\/\/evamaria-psychotherapie.at\/wp-content\/uploads\/2023\/08\/DSC05806.jpg 410w, https:\/\/evamaria-psychotherapie.at\/wp-content\/uploads\/2023\/08\/DSC05806-199x300.jpg 199w\" sizes=\"auto, (max-width: 410px) 100vw, 410px\" \/><\/figure><\/div>\n\n\n\n<div class=\"wp-block-columns alignwide has-background is-layout-flex wp-container-core-columns-is-layout-9d6595d7 wp-block-columns-is-layout-flex\" style=\"background-color:#ffffffed\">\n<div class=\"wp-block-column is-layout-flow wp-block-column-is-layout-flow\">\n<h2 class=\"wp-block-heading has-text-color\" id=\"Kontakt\" style=\"color:#454734\">Kontakt aufnehmen<\/h2>\n\n\n\n<p class=\"has-black-color has-text-color\"><img loading=\"lazy\" decoding=\"async\" width=\"25\" height=\"25\" class=\"wp-image-99\" style=\"width: 25px;\" src=\"https:\/\/evamaria-psychotherapie.at\/wp-content\/uploads\/2023\/08\/Email.png\" alt=\"\" srcset=\"https:\/\/evamaria-psychotherapie.at\/wp-content\/uploads\/2023\/08\/Email.png 1024w, https:\/\/evamaria-psychotherapie.at\/wp-content\/uploads\/2023\/08\/Email-300x300.png 300w, https:\/\/evamaria-psychotherapie.at\/wp-content\/uploads\/2023\/08\/Email-150x150.png 150w, https:\/\/evamaria-psychotherapie.at\/wp-content\/uploads\/2023\/08\/Email-768x768.png 768w\" sizes=\"auto, (max-width: 25px) 100vw, 25px\" \/>   <a href=\"mailto: mail@evamaria-psychotherapie.at\">mail@evamaria-psychotherapie.at<\/a><\/p>\n\n\n\n<p class=\"has-black-color has-text-color\"><img loading=\"lazy\" decoding=\"async\" width=\"25\" height=\"25\" class=\"wp-image-100\" style=\"width: 25px;\" src=\"https:\/\/evamaria-psychotherapie.at\/wp-content\/uploads\/2023\/08\/Telefon.png\" alt=\"\" srcset=\"https:\/\/evamaria-psychotherapie.at\/wp-content\/uploads\/2023\/08\/Telefon.png 1024w, https:\/\/evamaria-psychotherapie.at\/wp-content\/uploads\/2023\/08\/Telefon-300x300.png 300w, https:\/\/evamaria-psychotherapie.at\/wp-content\/uploads\/2023\/08\/Telefon-150x150.png 150w, https:\/\/evamaria-psychotherapie.at\/wp-content\/uploads\/2023\/08\/Telefon-768x768.png 768w\" sizes=\"auto, (max-width: 25px) 100vw, 25px\" \/>   +43 664 999 81 619<\/p>\n\n\n\n<p class=\"has-black-color has-text-color\"><img loading=\"lazy\" decoding=\"async\" width=\"30\" height=\"30\" class=\"wp-image-98\" style=\"width: 30px;\" src=\"https:\/\/evamaria-psychotherapie.at\/wp-content\/uploads\/2023\/08\/Adresse.png\" alt=\"\" srcset=\"https:\/\/evamaria-psychotherapie.at\/wp-content\/uploads\/2023\/08\/Adresse.png 1024w, https:\/\/evamaria-psychotherapie.at\/wp-content\/uploads\/2023\/08\/Adresse-300x300.png 300w, https:\/\/evamaria-psychotherapie.at\/wp-content\/uploads\/2023\/08\/Adresse-150x150.png 150w, https:\/\/evamaria-psychotherapie.at\/wp-content\/uploads\/2023\/08\/Adresse-768x768.png 768w\" sizes=\"auto, (max-width: 30px) 100vw, 30px\" \/>  Hauptstra\u00dfe 23, Rathaus 1. OG, 3804 Allentsteig<\/p>\n<\/div>\n<\/div>\n\n\n\n<div class=\"wp-block-columns alignwide are-vertically-aligned-center is-layout-flex wp-container-core-columns-is-layout-9d6595d7 wp-block-columns-is-layout-flex\">\n<div class=\"wp-block-column is-vertically-aligned-center is-layout-flow wp-block-column-is-layout-flow\">\n<p align=\"center\"><iframe src=\"https:\/\/www.google.com\/maps\/embed?pb=!1m18!1m12!1m3!1d1316.7533815191955!2d15.329029026135391!3d48.69579421945755!2m3!1f0!2f0!3f0!3m2!1i1024!2i768!4f13.1!3m3!1m2!1s0x4772c228bb506375%3A0xc69175f970d3e982!2sHauptstra%C3%9Fe%2023%2C%203804%20Allentsteig!5e0!3m2!1sde!2sat!4v1692270530973!5m2!1sde!2sat\" width=\"800\" height=\"450\" style=\"border:0;\" allowfullscreen=\"\" loading=\"lazy\" referrerpolicy=\"no-referrer-when-downgrade\"><\/iframe><\/p>\n<\/div>\n<\/div>\n\n\n<!--Go to Mega Menu > Menu Locations to enable Max Mega Menu for this location.-->","protected":false},"excerpt":{"rendered":"<p>Herzlich Willkommen! Mein Name ist Eva Maria Winterleitner und ich bin systemische Familientherapeutin. Ich freue mich Ihnen auf meiner Homepage einen ersten Eindruck von mir und meinem Angebot zeigen zu k\u00f6nnen.&nbsp; Melden Sie sich gerne bei Fragen und f\u00fcr die Terminvereinbarung. \u201eIch wei\u00df nicht, ob es besser wird, wenn es anders wird.Aber es muss anders&hellip; <a class=\"more-link\" href=\"https:\/\/evamaria-psychotherapie.at\/\"><span class=\"screen-reader-text\">Herzlich Willkommen<\/span> weiterlesen<\/a><\/p>\n","protected":false},"author":1,"featured_media":0,"parent":0,"menu_order":0,"comment_status":"closed","ping_status":"closed","template":"","meta":{"footnotes":""},"class_list":["post-186","page","type-page","status-publish","hentry","entry"],"_links":{"self":[{"href":"https:\/\/evamaria-psychotherapie.at\/index.php?rest_route=\/wp\/v2\/pages\/186","targetHints":{"allow":["GET"]}}],"collection":[{"href":"https:\/\/evamaria-psychotherapie.at\/index.php?rest_route=\/wp\/v2\/pages"}],"about":[{"href":"https:\/\/evamaria-psychotherapie.at\/index.php?rest_route=\/wp\/v2\/types\/page"}],"author":[{"embeddable":true,"href":"https:\/\/evamaria-psychotherapie.at\/index.php?rest_route=\/wp\/v2\/users\/1"}],"replies":[{"embeddable":true,"href":"https:\/\/evamaria-psychotherapie.at\/index.php?rest_route=%2Fwp%2Fv2%2Fcomments&post=186"}],"version-history":[{"count":135,"href":"https:\/\/evamaria-psychotherapie.at\/index.php?rest_route=\/wp\/v2\/pages\/186\/revisions"}],"predecessor-version":[{"id":536,"href":"https:\/\/evamaria-psychotherapie.at\/index.php?rest_route=\/wp\/v2\/pages\/186\/revisions\/536"}],"wp:attachment":[{"href":"https:\/\/evamaria-psychotherapie.at\/index.php?rest_route=%2Fwp%2Fv2%2Fmedia&parent=186"}],"curies":[{"name":"wp","href":"https:\/\/api.w.org\/{rel}","templated":true}]}}